{"id":1407,"date":"2019-09-05T13:54:06","date_gmt":"2019-09-05T11:54:06","guid":{"rendered":"https:\/\/www.recette-sisso.fr\/lafab\/evenements\/fidelite-decouvertes-enthousiasme-collectif\/"},"modified":"2019-12-19T14:48:06","modified_gmt":"2019-12-19T13:48:06","slug":"fidelite-decouvertes-enthousiasme-collectif","status":"publish","type":"evenements","link":"https:\/\/la-fab.com\/en\/evenements\/fidelite-decouvertes-enthousiasme-collectif\/","title":{"rendered":"Fid\u00e9lit\u00e9, d\u00e9couvertes, enthousiasme ! &#8211; Collectif"},"content":{"rendered":"\n<figure class=\"wp-block-image\"><img loading=\"lazy\" decoding=\"async\" width=\"770\" height=\"842\" src=\"https:\/\/la-fab.com\/wp-content\/uploads\/2019\/09\/image-214.png\" alt=\"\" class=\"wp-image-1365\" srcset=\"https:\/\/la-fab.com\/wp-content\/uploads\/2019\/09\/image-214.png 770w, https:\/\/la-fab.com\/wp-content\/uploads\/2019\/09\/image-214-274x300.png 274w\" sizes=\"auto, (max-width: 770px) 100vw, 770px\" \/><\/figure>\n\n\n\n<p style=\"text-align:center\" class=\"has-text-color has-vivid-red-color\"><strong><a href=\"https:\/\/la-fab.com\/wp-content\/uploads\/2019\/12\/cp_collectif-2.pdf\">PRESS RELEASE<\/a><\/strong><\/p>\n\n\n\n<figure class=\"wp-block-image\"><img loading=\"lazy\" decoding=\"async\" width=\"900\" height=\"671\" src=\"https:\/\/la-fab.com\/wp-content\/uploads\/2019\/09\/image-215.png\" alt=\"\" class=\"wp-image-1367\" srcset=\"https:\/\/la-fab.com\/wp-content\/uploads\/2019\/09\/image-215.png 900w, https:\/\/la-fab.com\/wp-content\/uploads\/2019\/09\/image-215-300x224.png 300w\" sizes=\"auto, (max-width: 900px) 100vw, 900px\" \/><figcaption>Copyright agn\u00e8s troubl\u00e9 dite agn\u00e8s b.\u00a0<em>&#8216;Parc de Marly, 2012&#8217;<\/em><\/figcaption><\/figure>\n\n\n\n<div class=\"wp-block-image\"><figure class=\"aligncenter\"><img loading=\"lazy\" decoding=\"async\" width=\"900\" height=\"898\" src=\"https:\/\/la-fab.com\/wp-content\/uploads\/2019\/09\/image-216.png\" alt=\"\" class=\"wp-image-1369\" srcset=\"https:\/\/la-fab.com\/wp-content\/uploads\/2019\/09\/image-216.png 900w, https:\/\/la-fab.com\/wp-content\/uploads\/2019\/09\/image-216-150x150.png 150w, https:\/\/la-fab.com\/wp-content\/uploads\/2019\/09\/image-216-300x300.png 300w\" sizes=\"auto, (max-width: 900px) 100vw, 900px\" \/><figcaption>Copyright Am\u00e9lie Debray,\u00a0<em>&#8216;Sans titre&#8217;<\/em>, Surface de r\u00e9paration, 2008-2011<\/figcaption><\/figure><\/div>\n\n\n\n<div class=\"wp-block-image\"><figure class=\"aligncenter\"><img loading=\"lazy\" decoding=\"async\" width=\"900\" height=\"594\" src=\"https:\/\/la-fab.com\/wp-content\/uploads\/2019\/09\/image-217.png\" alt=\"\" class=\"wp-image-1371\" srcset=\"https:\/\/la-fab.com\/wp-content\/uploads\/2019\/09\/image-217.png 900w, https:\/\/la-fab.com\/wp-content\/uploads\/2019\/09\/image-217-300x198.png 300w\" sizes=\"auto, (max-width: 900px) 100vw, 900px\" \/><figcaption>Copyright Christian Patterson\u00a0<em>&#8216;Lamplighter jukebox&#8217;<\/em>, Sound Affects, 2005\u00a0<\/figcaption><\/figure><\/div>\n\n\n\n<div class=\"wp-block-image\"><figure class=\"aligncenter\"><img loading=\"lazy\" decoding=\"async\" width=\"900\" height=\"943\" src=\"https:\/\/la-fab.com\/wp-content\/uploads\/2019\/09\/image-218.png\" alt=\"\" class=\"wp-image-1373\" srcset=\"https:\/\/la-fab.com\/wp-content\/uploads\/2019\/09\/image-218.png 900w, https:\/\/la-fab.com\/wp-content\/uploads\/2019\/09\/image-218-286x300.png 286w\" sizes=\"auto, (max-width: 900px) 100vw, 900px\" \/><figcaption>Copyright Lucien Herv\u00e9\u00a0<em>&#8216;Toscane&#8217;<\/em>, 1949\u00a0<\/figcaption><\/figure><\/div>\n\n\n\n<div class=\"wp-block-image\"><figure class=\"aligncenter\"><img loading=\"lazy\" decoding=\"async\" width=\"900\" height=\"898\" src=\"https:\/\/la-fab.com\/wp-content\/uploads\/2019\/09\/image-219.png\" alt=\"\" class=\"wp-image-1375\" srcset=\"https:\/\/la-fab.com\/wp-content\/uploads\/2019\/09\/image-219.png 900w, https:\/\/la-fab.com\/wp-content\/uploads\/2019\/09\/image-219-150x150.png 150w, https:\/\/la-fab.com\/wp-content\/uploads\/2019\/09\/image-219-300x300.png 300w\" sizes=\"auto, (max-width: 900px) 100vw, 900px\" \/><figcaption>Copyright Malick Sidib\u00e9\u00a0<em>&#8216;Nuit de No\u00ebl (Happy-Club)&#8217;<\/em>, 1965\u00a0<\/figcaption><\/figure><\/div>\n\n\n\n<figure class=\"wp-block-image\"><img loading=\"lazy\" decoding=\"async\" width=\"900\" height=\"900\" src=\"https:\/\/la-fab.com\/wp-content\/uploads\/2019\/09\/image-220.png\" alt=\"\" class=\"wp-image-1377\" srcset=\"https:\/\/la-fab.com\/wp-content\/uploads\/2019\/09\/image-220.png 900w, https:\/\/la-fab.com\/wp-content\/uploads\/2019\/09\/image-220-150x150.png 150w, https:\/\/la-fab.com\/wp-content\/uploads\/2019\/09\/image-220-300x300.png 300w\" sizes=\"auto, (max-width: 900px) 100vw, 900px\" \/><figcaption>Copyright Marion Poussier\u00a0<em>&#8216;Sans titre&#8217;<\/em>, Famille, 2011\u00a0<\/figcaption><\/figure>\n\n\n\n<figure class=\"wp-block-image\"><img loading=\"lazy\" decoding=\"async\" width=\"900\" height=\"960\" src=\"https:\/\/la-fab.com\/wp-content\/uploads\/2019\/09\/image-221.png\" alt=\"\" class=\"wp-image-1379\" srcset=\"https:\/\/la-fab.com\/wp-content\/uploads\/2019\/09\/image-221.png 900w, https:\/\/la-fab.com\/wp-content\/uploads\/2019\/09\/image-221-281x300.png 281w\" sizes=\"auto, (max-width: 900px) 100vw, 900px\" \/><figcaption>Copyright Matthias Olmeta\u00a0<em>&#8216;Gabriel&#8217;<\/em>, Les Mystiques de l\u2019immanence, 2010<\/figcaption><\/figure>\n\n\n\n<div class=\"wp-block-image\"><figure class=\"aligncenter\"><img loading=\"lazy\" decoding=\"async\" width=\"900\" height=\"1346\" src=\"https:\/\/la-fab.com\/wp-content\/uploads\/2019\/09\/image-222.png\" alt=\"\" class=\"wp-image-1381\" srcset=\"https:\/\/la-fab.com\/wp-content\/uploads\/2019\/09\/image-222.png 900w, https:\/\/la-fab.com\/wp-content\/uploads\/2019\/09\/image-222-201x300.png 201w, https:\/\/la-fab.com\/wp-content\/uploads\/2019\/09\/image-222-685x1024.png 685w\" sizes=\"auto, (max-width: 900px) 100vw, 900px\" \/><figcaption>Copyright La Fab.<\/figcaption><\/figure><\/div>\n\n\n\n<figure class=\"wp-block-image\"><img loading=\"lazy\" decoding=\"async\" width=\"900\" height=\"598\" src=\"https:\/\/la-fab.com\/wp-content\/uploads\/2019\/09\/image-223.png\" alt=\"\" class=\"wp-image-1383\" srcset=\"https:\/\/la-fab.com\/wp-content\/uploads\/2019\/09\/image-223.png 900w, https:\/\/la-fab.com\/wp-content\/uploads\/2019\/09\/image-223-300x199.png 300w\" sizes=\"auto, (max-width: 900px) 100vw, 900px\" \/><figcaption>Copyright Pauline Fargue\u00a0<em>&#8216;Fragment 1 &#8211; Peut-\u00eatre me trouveras-tu l\u00e0 o\u00f9 je ne suis point\u2019<\/em>, 2011&#8242;\u00a0<\/figcaption><\/figure>\n\n\n\n<figure class=\"wp-block-image\"><img loading=\"lazy\" decoding=\"async\" width=\"900\" height=\"360\" src=\"https:\/\/la-fab.com\/wp-content\/uploads\/2019\/09\/image-224.png\" alt=\"\" class=\"wp-image-1385\" srcset=\"https:\/\/la-fab.com\/wp-content\/uploads\/2019\/09\/image-224.png 900w, https:\/\/la-fab.com\/wp-content\/uploads\/2019\/09\/image-224-300x120.png 300w\" sizes=\"auto, (max-width: 900px) 100vw, 900px\" \/><figcaption>Copyright Romaric Tisserand\u00a0<em>&#8216;Frieze#3&#8217;<\/em>, Aanonymes, 2012\u00a0<\/figcaption><\/figure>\n\n\n\n<figure class=\"wp-block-image\"><img loading=\"lazy\" decoding=\"async\" width=\"900\" height=\"596\" src=\"https:\/\/la-fab.com\/wp-content\/uploads\/2019\/09\/image-225.png\" alt=\"\" class=\"wp-image-1387\" srcset=\"https:\/\/la-fab.com\/wp-content\/uploads\/2019\/09\/image-225.png 900w, https:\/\/la-fab.com\/wp-content\/uploads\/2019\/09\/image-225-300x199.png 300w\" sizes=\"auto, (max-width: 900px) 100vw, 900px\" \/><figcaption>Copyright Thierry Lef\u00e9bure\u00a0<em>&#8216;Le contact par la loupe&#8217;<\/em>\u00a02012<\/figcaption><\/figure>\n\n\n\n<div class=\"wp-block-image\"><figure class=\"aligncenter\"><img loading=\"lazy\" decoding=\"async\" width=\"900\" height=\"1330\" src=\"https:\/\/la-fab.com\/wp-content\/uploads\/2019\/09\/image-226.png\" alt=\"\" class=\"wp-image-1389\" srcset=\"https:\/\/la-fab.com\/wp-content\/uploads\/2019\/09\/image-226.png 900w, https:\/\/la-fab.com\/wp-content\/uploads\/2019\/09\/image-226-203x300.png 203w, https:\/\/la-fab.com\/wp-content\/uploads\/2019\/09\/image-226-693x1024.png 693w\" sizes=\"auto, (max-width: 900px) 100vw, 900px\" \/><figcaption>Copyright Jonas Mekas\u00a0<em>&#8216;Sans titre&#8217;<\/em>\u00a01949<\/figcaption><\/figure><\/div>\n\n\n\n<figure class=\"wp-block-image\"><img loading=\"lazy\" decoding=\"async\" width=\"900\" height=\"600\" src=\"https:\/\/la-fab.com\/wp-content\/uploads\/2019\/09\/image-227.png\" alt=\"\" class=\"wp-image-1391\" srcset=\"https:\/\/la-fab.com\/wp-content\/uploads\/2019\/09\/image-227.png 900w, https:\/\/la-fab.com\/wp-content\/uploads\/2019\/09\/image-227-300x200.png 300w\" sizes=\"auto, (max-width: 900px) 100vw, 900px\" \/><figcaption>Copyright La Fab.<\/figcaption><\/figure>\n\n\n\n<figure class=\"wp-block-image\"><img loading=\"lazy\" decoding=\"async\" width=\"900\" height=\"600\" src=\"https:\/\/la-fab.com\/wp-content\/uploads\/2019\/09\/image-228.png\" alt=\"\" class=\"wp-image-1393\" srcset=\"https:\/\/la-fab.com\/wp-content\/uploads\/2019\/09\/image-228.png 900w, https:\/\/la-fab.com\/wp-content\/uploads\/2019\/09\/image-228-300x200.png 300w\" sizes=\"auto, (max-width: 900px) 100vw, 900px\" \/><figcaption>Copyright La Fab.<\/figcaption><\/figure>\n\n\n\n<figure class=\"wp-block-image\"><img loading=\"lazy\" decoding=\"async\" width=\"900\" height=\"600\" src=\"https:\/\/la-fab.com\/wp-content\/uploads\/2019\/09\/image-229.png\" alt=\"\" class=\"wp-image-1395\" srcset=\"https:\/\/la-fab.com\/wp-content\/uploads\/2019\/09\/image-229.png 900w, https:\/\/la-fab.com\/wp-content\/uploads\/2019\/09\/image-229-300x200.png 300w\" sizes=\"auto, (max-width: 900px) 100vw, 900px\" \/><figcaption>Copyright La Fab.<\/figcaption><\/figure>\n\n\n\n<figure class=\"wp-block-image\"><img loading=\"lazy\" decoding=\"async\" width=\"900\" height=\"600\" src=\"https:\/\/la-fab.com\/wp-content\/uploads\/2019\/09\/image-230.png\" alt=\"\" class=\"wp-image-1397\" srcset=\"https:\/\/la-fab.com\/wp-content\/uploads\/2019\/09\/image-230.png 900w, https:\/\/la-fab.com\/wp-content\/uploads\/2019\/09\/image-230-300x200.png 300w\" sizes=\"auto, (max-width: 900px) 100vw, 900px\" \/><figcaption>Copyright La Fab.<\/figcaption><\/figure>\n\n\n\n<figure class=\"wp-block-image\"><img loading=\"lazy\" decoding=\"async\" width=\"900\" height=\"600\" src=\"https:\/\/la-fab.com\/wp-content\/uploads\/2019\/09\/image-231.png\" alt=\"\" class=\"wp-image-1399\" srcset=\"https:\/\/la-fab.com\/wp-content\/uploads\/2019\/09\/image-231.png 900w, https:\/\/la-fab.com\/wp-content\/uploads\/2019\/09\/image-231-300x200.png 300w\" sizes=\"auto, (max-width: 900px) 100vw, 900px\" \/><figcaption>Copyright La Fab.<\/figcaption><\/figure>\n\n\n\n<figure class=\"wp-block-image\"><img loading=\"lazy\" decoding=\"async\" width=\"900\" height=\"600\" src=\"https:\/\/la-fab.com\/wp-content\/uploads\/2019\/09\/image-232.png\" alt=\"\" class=\"wp-image-1401\" srcset=\"https:\/\/la-fab.com\/wp-content\/uploads\/2019\/09\/image-232.png 900w, https:\/\/la-fab.com\/wp-content\/uploads\/2019\/09\/image-232-300x200.png 300w\" sizes=\"auto, (max-width: 900px) 100vw, 900px\" \/><figcaption>Copyright La Fab.<\/figcaption><\/figure>\n\n\n\n<figure class=\"wp-block-image\"><img loading=\"lazy\" decoding=\"async\" width=\"900\" height=\"600\" src=\"https:\/\/la-fab.com\/wp-content\/uploads\/2019\/09\/image-233.png\" alt=\"\" class=\"wp-image-1403\" srcset=\"https:\/\/la-fab.com\/wp-content\/uploads\/2019\/09\/image-233.png 900w, https:\/\/la-fab.com\/wp-content\/uploads\/2019\/09\/image-233-300x200.png 300w\" sizes=\"auto, (max-width: 900px) 100vw, 900px\" \/><figcaption>Copyright La Fab.<\/figcaption><\/figure>\n\n\n\n<figure class=\"wp-block-image\"><img loading=\"lazy\" decoding=\"async\" width=\"900\" height=\"600\" src=\"https:\/\/la-fab.com\/wp-content\/uploads\/2019\/09\/image-234.png\" alt=\"\" class=\"wp-image-1405\" srcset=\"https:\/\/la-fab.com\/wp-content\/uploads\/2019\/09\/image-234.png 900w, https:\/\/la-fab.com\/wp-content\/uploads\/2019\/09\/image-234-300x200.png 300w\" sizes=\"auto, (max-width: 900px) 100vw, 900px\" \/><figcaption>Copyright La Fab.<\/figcaption><\/figure>\n","protected":false},"featured_media":4282,"template":"","historique":[6],"type_evenement":[15],"afficher_dans_le_menu":[],"class_list":["post-1407","evenements","type-evenements","status-publish","has-post-thumbnail","hentry","historique-historique","type_evenement-la-galerie"],"acf":[],"_links":{"self":[{"href":"https:\/\/la-fab.com\/en\/wp-json\/wp\/v2\/evenements\/1407","targetHints":{"allow":["GET"]}}],"collection":[{"href":"https:\/\/la-fab.com\/en\/wp-json\/wp\/v2\/evenements"}],"about":[{"href":"https:\/\/la-fab.com\/en\/wp-json\/wp\/v2\/types\/evenements"}],"wp:featuredmedia":[{"embeddable":true,"href":"https:\/\/la-fab.com\/en\/wp-json\/wp\/v2\/media\/4282"}],"wp:attachment":[{"href":"https:\/\/la-fab.com\/en\/wp-json\/wp\/v2\/media?parent=1407"}],"wp:term":[{"taxonomy":"historique","embeddable":true,"href":"https:\/\/la-fab.com\/en\/wp-json\/wp\/v2\/historique?post=1407"},{"taxonomy":"type_evenement","embeddable":true,"href":"https:\/\/la-fab.com\/en\/wp-json\/wp\/v2\/type_evenement?post=1407"},{"taxonomy":"afficher_dans_le_menu","embeddable":true,"href":"https:\/\/la-fab.com\/en\/wp-json\/wp\/v2\/afficher_dans_le_menu?post=1407"}],"curies":[{"name":"wp","href":"https:\/\/api.w.org\/{rel}","templated":true}]}}