{"id":8512,"date":"2022-10-03T18:03:34","date_gmt":"2022-10-03T16:03:34","guid":{"rendered":"https:\/\/la-fab.com\/evenements\/felix-guattari-a-paris-evenement-a-loccasion-des-trente-ans-de-son-deces\/"},"modified":"2022-10-04T14:39:02","modified_gmt":"2022-10-04T12:39:02","slug":"felix-guattari-a-paris-evenement-a-loccasion-des-trente-ans-de-son-deces","status":"publish","type":"evenements","link":"https:\/\/la-fab.com\/en\/evenements\/felix-guattari-a-paris-evenement-a-loccasion-des-trente-ans-de-son-deces\/","title":{"rendered":"F\u00c9LIX GUATTARI IN PARIS | event on the occasion of the 30th anniversary of his death"},"content":{"rendered":"\n<h2 class=\"has-text-align-center has-large-font-size wp-block-heading\">F\u00c9LIX GUATTARI IN PARIS | event on the occasion of the 30th anniversary of his death<\/h2>\n\n\n\n<h2 class=\"has-text-align-center wp-block-heading\">Saturday, October 15, 2022 ; 3-5 p.m.<\/h2>\n\n\n\n<figure class=\"wp-block-image size-full\"><img loading=\"lazy\" decoding=\"async\" width=\"1920\" height=\"1080\" src=\"https:\/\/la-fab.com\/wp-content\/uploads\/2022\/10\/guattari.jpeg\" alt=\"\" class=\"wp-image-8507\"\/><\/figure>\n\n\n\n<p>Signing &#8211; Discussion around the reedition of &#8220;Chaosmose&#8221;, the publication in paperback of &#8220;De Leros \u00e0 La Borde&#8221; and &#8220;65 r\u00eaves de Kafka&#8221; and the publication of &#8220;Trialogues&#8221;, exchanges between F\u00e9lix Guattari, Jean-Claude Polack and Danielle Sivadon on their practices of analysis.<\/p>\n\n\n\n<p>With S\u00e9bastien Raimondi, Lignes edition, Jean-Claude Polack, Paul Bret\u00e9cher and Annick Kouba, St\u00e9phane Nadaud, Eric Favereau.<\/p>\n\n\n\n<p>More information :&nbsp;<a rel=\"noreferrer noopener\" href=\"http:\/\/chaosmosemedia.net\/\" target=\"_blank\">chaosmosemedia.net<\/a><\/p>\n","protected":false},"featured_media":8510,"template":"","historique":[6],"type_evenement":[33],"afficher_dans_le_menu":[30],"class_list":["post-8512","evenements","type-evenements","status-publish","has-post-thumbnail","hentry","historique-historique","type_evenement-la-librairie","afficher_dans_le_menu-menu"],"acf":[],"_links":{"self":[{"href":"https:\/\/la-fab.com\/en\/wp-json\/wp\/v2\/evenements\/8512","targetHints":{"allow":["GET"]}}],"collection":[{"href":"https:\/\/la-fab.com\/en\/wp-json\/wp\/v2\/evenements"}],"about":[{"href":"https:\/\/la-fab.com\/en\/wp-json\/wp\/v2\/types\/evenements"}],"wp:featuredmedia":[{"embeddable":true,"href":"https:\/\/la-fab.com\/en\/wp-json\/wp\/v2\/media\/8510"}],"wp:attachment":[{"href":"https:\/\/la-fab.com\/en\/wp-json\/wp\/v2\/media?parent=8512"}],"wp:term":[{"taxonomy":"historique","embeddable":true,"href":"https:\/\/la-fab.com\/en\/wp-json\/wp\/v2\/historique?post=8512"},{"taxonomy":"type_evenement","embeddable":true,"href":"https:\/\/la-fab.com\/en\/wp-json\/wp\/v2\/type_evenement?post=8512"},{"taxonomy":"afficher_dans_le_menu","embeddable":true,"href":"https:\/\/la-fab.com\/en\/wp-json\/wp\/v2\/afficher_dans_le_menu?post=8512"}],"curies":[{"name":"wp","href":"https:\/\/api.w.org\/{rel}","templated":true}]}}