{"id":7793,"date":"2021-11-04T12:11:52","date_gmt":"2021-11-04T11:11:52","guid":{"rendered":"https:\/\/la-fab.com\/la_galerie\/hors-les-murs-paris-photo-2021\/"},"modified":"2021-11-04T13:45:35","modified_gmt":"2021-11-04T12:45:35","slug":"hors-les-murs-paris-photo-2021","status":"publish","type":"la_galerie","link":"https:\/\/la-fab.com\/en\/la_galerie\/hors-les-murs-paris-photo-2021\/","title":{"rendered":"On the road : Paris-Photo 2021"},"content":{"rendered":"\n<p class=\"has-text-align-center\" style=\"font-size:40px\"><strong>On the road : Paris-Photo 2021<\/strong><\/p>\n\n\n\n<p class=\"has-text-align-center has-medium-font-size\">Galerie du Jour will be happy to welcome you on our booth <strong>C03<\/strong> at Grand-Palais \u00c9ph\u00e9m\u00e8re for the new edition of Paris-Photo Artfair.<\/p>\n\n\n\n<p class=\"has-text-align-center has-medium-font-size\">With the works of : <strong>agn\u00e8s b., L\u00e9onard Bourgois-Beaulieu, St\u00e9phane Lavou\u00e9, Dmitry Markov, Philip Montgomery et Fran\u00e7ois Prost.<\/strong><\/p>\n\n\n\n<figure class=\"wp-block-gallery aligncenter columns-3 is-cropped wp-block-gallery-1 is-layout-flex wp-block-gallery-is-layout-flex\"><ul class=\"blocks-gallery-grid\"><li class=\"blocks-gallery-item\"><figure><img loading=\"lazy\" decoding=\"async\" width=\"344\" height=\"452\" src=\"https:\/\/la-fab.com\/wp-content\/uploads\/2021\/11\/unnamed-4.jpg\" alt=\"\" data-id=\"7794\" data-link=\"https:\/\/la-fab.com\/la_galerie\/hors-les-murs-paris-photo-2021\/unnamed-4-2\/\" class=\"wp-image-7794\"\/><\/figure><\/li><li class=\"blocks-gallery-item\"><figure><img loading=\"lazy\" decoding=\"async\" width=\"536\" height=\"708\" src=\"https:\/\/la-fab.com\/wp-content\/uploads\/2021\/11\/unnamed.png\" alt=\"\" data-id=\"7796\" data-link=\"https:\/\/la-fab.com\/la_galerie\/hors-les-murs-paris-photo-2021\/unnamed-5\/\" class=\"wp-image-7796\"\/><\/figure><\/li><li class=\"blocks-gallery-item\"><figure><img loading=\"lazy\" decoding=\"async\" width=\"566\" height=\"755\" src=\"https:\/\/la-fab.com\/wp-content\/uploads\/2021\/11\/unnamed-5.jpg\" alt=\"\" data-id=\"7798\" data-link=\"https:\/\/la-fab.com\/la_galerie\/hors-les-murs-paris-photo-2021\/unnamed-5-2\/\" class=\"wp-image-7798\"\/><\/figure><\/li><li class=\"blocks-gallery-item\"><figure><img loading=\"lazy\" decoding=\"async\" width=\"336\" height=\"224\" src=\"https:\/\/la-fab.com\/wp-content\/uploads\/2021\/11\/unnamed-3.jpg\" alt=\"\" data-id=\"7800\" data-link=\"https:\/\/la-fab.com\/la_galerie\/hors-les-murs-paris-photo-2021\/unnamed-3-2\/\" class=\"wp-image-7800\"\/><\/figure><\/li><li class=\"blocks-gallery-item\"><figure><img loading=\"lazy\" decoding=\"async\" width=\"344\" height=\"229\" src=\"https:\/\/la-fab.com\/wp-content\/uploads\/2021\/11\/unnamed-2.jpg\" alt=\"\" data-id=\"7802\" data-link=\"https:\/\/la-fab.com\/la_galerie\/hors-les-murs-paris-photo-2021\/unnamed-2-2\/\" class=\"wp-image-7802\"\/><\/figure><\/li><li class=\"blocks-gallery-item\"><figure><img loading=\"lazy\" decoding=\"async\" width=\"344\" height=\"222\" src=\"https:\/\/la-fab.com\/wp-content\/uploads\/2021\/11\/unnamed-1.jpg\" alt=\"\" data-id=\"7804\" data-link=\"https:\/\/la-fab.com\/la_galerie\/hors-les-murs-paris-photo-2021\/unnamed-1-4\/\" class=\"wp-image-7804\"\/><\/figure><\/li><\/ul><figcaption class=\"blocks-gallery-caption\">\u00a9 St\u00e9phane Lavou\u00e9 \/ L\u00e9onard Bourgois-Beaulieu \/ agn\u00e8s b. \/ Dmitry Markov \/ Philip Montgomery \/ Fran\u00e7ois Prost<\/figcaption><\/figure>\n\n\n\n<div class=\"wp-block-image\"><figure class=\"aligncenter size-large\"><img loading=\"lazy\" decoding=\"async\" width=\"463\" height=\"229\" src=\"https:\/\/la-fab.com\/wp-content\/uploads\/2021\/11\/Capture-de\u0301cran-2021-11-04-a\u0300-12.08.58.png\" alt=\"\" class=\"wp-image-7806\"\/><\/figure><\/div>\n","protected":false},"featured_media":7811,"template":"","type_actu_galerie":[5,46],"class_list":["post-7793","la_galerie","type-la_galerie","status-publish","has-post-thumbnail","hentry","type_actu_galerie-categorie-galerie","type_actu_galerie-hors-les-murs"],"acf":[],"_links":{"self":[{"href":"https:\/\/la-fab.com\/en\/wp-json\/wp\/v2\/la_galerie\/7793","targetHints":{"allow":["GET"]}}],"collection":[{"href":"https:\/\/la-fab.com\/en\/wp-json\/wp\/v2\/la_galerie"}],"about":[{"href":"https:\/\/la-fab.com\/en\/wp-json\/wp\/v2\/types\/la_galerie"}],"wp:featuredmedia":[{"embeddable":true,"href":"https:\/\/la-fab.com\/en\/wp-json\/wp\/v2\/media\/7811"}],"wp:attachment":[{"href":"https:\/\/la-fab.com\/en\/wp-json\/wp\/v2\/media?parent=7793"}],"wp:term":[{"taxonomy":"type_actu_galerie","embeddable":true,"href":"https:\/\/la-fab.com\/en\/wp-json\/wp\/v2\/type_actu_galerie?post=7793"}],"curies":[{"name":"wp","href":"https:\/\/api.w.org\/{rel}","templated":true}]}}